{"id":31106,"date":"2021-08-30T23:35:38","date_gmt":"2021-08-30T23:35:38","guid":{"rendered":"https:\/\/nph.org\/peru-linea-de-tiempo\/"},"modified":"2021-09-07T18:59:10","modified_gmt":"2021-09-07T18:59:10","slug":"peru-linea-de-tiempo","status":"publish","type":"page","link":"https:\/\/nph.org\/es\/peru-linea-de-tiempo\/","title":{"rendered":"Per\u00fa L\u00ednea de Tiempo"},"content":{"rendered":"<!-- ========= Cool Timeline PRO 3.5.2 ========= --><div style=\"opacity:0;\" \r\n    data-showposts=\"30\"\r\n     class=\"cool_timeline cool-timeline-wrapper both-sided-wrapper white-timeline-wrapper main-default\" \r\n     id=\"tm-default-default-3\"  \r\n     data-pagination=\"yes\"  \r\n     data-pagination-position=\"right\"><div class=\"cool-timeline ultimate-style  white-timeline\"><div  class=\"filter-preloaders\"><img decoding=\"async\" src=\"https:\/\/nph.org\/wp-content\/plugins\/cool-timeline-pro\/\/assets\/images\/clt-compact-preloader.gif\"><\/div><div data-animations=\"none\"  id=\"timeline-peru\" class=\"cooltimeline_cont  clearfix icons_no\"><div data-cls=\"sc-nv-default white-timeline\" class=\"timeline-year scrollable-section default-year\" data-section-title=\"2014\" id=\"year-2014\"><span  class=\"ctl-timeline-date\">2014<\/span><\/div><!-- .timeline-post-start--><div   data-alternate=\"0\" id=\"story-29828\" class=\"timeline-post even light-grey-post icons_no post-29828  default-meta\"><div   data-aos=\"none\" class=\"timeline-meta\"><div class=\"meta-details\"><\/div><\/div><div  data-aos=\"none\" class=\"timeline-icon icon-dot-full default-dot\"><div class=\"timeline-bar\"><\/div><\/div><div  data-aos=\"none\"  class=\"timeline-content  clearfix even  full default-content \"><h2 class=\"content-title\"><a title=\"\" href=\"https:\/\/nph.org\/es\/timeline\/29828\/\"><\/a><\/h2><div class=\"ctl_info event-description full\"><div class=\"content-details\"><p>Comedor y Casa de beb\u00e9s programados para ser completados<\/p><\/div><\/div><\/div><!-- timeline content --><\/div>\r\n\r\n        <!-- .timeline-post-end --><div data-cls=\"sc-nv-default white-timeline\" class=\"timeline-year scrollable-section default-year\" data-section-title=\"2013\" id=\"year-2013\"><span  class=\"ctl-timeline-date\">2013<\/span><\/div><!-- .timeline-post-start--><div   data-alternate=\"1\" id=\"story-29827\" class=\"timeline-post odd light-grey-post icons_no post-29827 story-cat-987  default-meta\"><div   data-aos=\"none\" class=\"timeline-meta\"><div class=\"meta-details\"><\/div><\/div><div  data-aos=\"none\" class=\"timeline-icon icon-dot-full default-dot\"><div class=\"timeline-bar\"><\/div><\/div><div  data-aos=\"none\"  class=\"timeline-content  clearfix odd  full default-content \"><h2 class=\"content-title\"><a title=\"\" href=\"https:\/\/nph.org\/es\/timeline\/29827\/\"><\/a><\/h2><div class=\"ctl_info event-description full\"><div class=\"content-details\"><p>Se completa la construcci\u00f3n de la cocina Tres j\u00f3venes obtienen becas completas para la universidad proporcionadas por el gobierno de Per\u00fa<\/p><\/div><\/div><\/div><!-- timeline content --><\/div>\r\n\r\n        <!-- .timeline-post-end --><div data-cls=\"sc-nv-default white-timeline\" class=\"timeline-year scrollable-section default-year\" data-section-title=\"2012\" id=\"year-2012\"><span  class=\"ctl-timeline-date\">2012<\/span><\/div><!-- .timeline-post-start--><div   data-alternate=\"2\" id=\"story-29826\" class=\"timeline-post even light-grey-post icons_no post-29826 story-cat-987  default-meta\"><div   data-aos=\"none\" class=\"timeline-meta\"><div class=\"meta-details\"><\/div><\/div><div  data-aos=\"none\" class=\"timeline-icon icon-dot-full default-dot\"><div class=\"timeline-bar\"><\/div><\/div><div  data-aos=\"none\"  class=\"timeline-content  clearfix even  full default-content \"><h2 class=\"content-title\"><a title=\"\" href=\"https:\/\/nph.org\/es\/timeline\/29826\/\"><\/a><\/h2><div class=\"ctl_info event-description full\"><div class=\"content-details\"><p>Construcci\u00f3n de tres hogares incluyendo el de voluntarios<\/p><\/div><\/div><\/div><!-- timeline content --><\/div>\r\n\r\n        <!-- .timeline-post-end --><div data-cls=\"sc-nv-default white-timeline\" class=\"timeline-year scrollable-section default-year\" data-section-title=\"2011\" id=\"year-2011\"><span  class=\"ctl-timeline-date\">2011<\/span><\/div><!-- .timeline-post-start--><div   data-alternate=\"3\" id=\"story-29825\" class=\"timeline-post odd light-grey-post icons_no post-29825 story-cat-987  default-meta\"><div   data-aos=\"none\" class=\"timeline-meta\"><div class=\"meta-details\"><\/div><\/div><div  data-aos=\"none\" class=\"timeline-icon icon-dot-full default-dot\"><div class=\"timeline-bar\"><\/div><\/div><div  data-aos=\"none\"  class=\"timeline-content  clearfix odd  full default-content \"><h2 class=\"content-title\"><a title=\"\" href=\"https:\/\/nph.org\/es\/timeline\/29825\/\"><\/a><\/h2><div class=\"ctl_info event-description full\"><div class=\"content-details\"><p>Se termina la construcci\u00f3n de seis hogares y la familia se mudaLos primeros tres peque\u00f1os comienzan la universidad<\/p><\/div><\/div><\/div><!-- timeline content --><\/div>\r\n\r\n        <!-- .timeline-post-end --><div data-cls=\"sc-nv-default white-timeline\" class=\"timeline-year scrollable-section default-year\" data-section-title=\"2010\" id=\"year-2010\"><span  class=\"ctl-timeline-date\">2010<\/span><\/div><!-- .timeline-post-start--><div   data-alternate=\"4\" id=\"story-29824\" class=\"timeline-post even light-grey-post icons_no post-29824 story-cat-987  default-meta\"><div   data-aos=\"none\" class=\"timeline-meta\"><div class=\"meta-details\"><\/div><\/div><div  data-aos=\"none\" class=\"timeline-icon icon-dot-full default-dot\"><div class=\"timeline-bar\"><\/div><\/div><div  data-aos=\"none\"  class=\"timeline-content  clearfix even  full default-content \"><h2 class=\"content-title\"><a title=\"\" href=\"https:\/\/nph.org\/es\/timeline\/29824\/\"><\/a><\/h2><div class=\"ctl_info event-description full\"><div class=\"content-details\"><p>Se completan dos hogares en la nueva ubicaci\u00f3ns<\/p><\/div><\/div><\/div><!-- timeline content --><\/div>\r\n\r\n        <!-- .timeline-post-end --><div data-cls=\"sc-nv-default white-timeline\" class=\"timeline-year scrollable-section default-year\" data-section-title=\"2009\" id=\"year-2009\"><span  class=\"ctl-timeline-date\">2009<\/span><\/div><!-- .timeline-post-start--><div   data-alternate=\"5\" id=\"story-29822\" class=\"timeline-post odd light-grey-post icons_no post-29822 story-cat-987  default-meta\"><div   data-aos=\"none\" class=\"timeline-meta\"><div class=\"meta-details\"><\/div><\/div><div  data-aos=\"none\" class=\"timeline-icon icon-dot-full default-dot\"><div class=\"timeline-bar\"><\/div><\/div><div  data-aos=\"none\"  class=\"timeline-content  clearfix odd  full default-content \"><h2 class=\"content-title\"><a title=\"\" href=\"https:\/\/nph.org\/es\/timeline\/29822\/\"><\/a><\/h2><div class=\"ctl_info event-description full\"><div class=\"content-details\"><p>Los primeros tres estudiantes se grad\u00faan del bachillerato<\/p><\/div><\/div><\/div><!-- timeline content --><\/div>\r\n\r\n        <!-- .timeline-post-end --><div data-cls=\"sc-nv-default white-timeline\" class=\"timeline-year scrollable-section default-year\" data-section-title=\"2007\" id=\"year-2007\"><span  class=\"ctl-timeline-date\">2007<\/span><\/div><!-- .timeline-post-start--><div   data-alternate=\"6\" id=\"story-29820\" class=\"timeline-post even light-grey-post icons_no post-29820 story-cat-987  default-meta\"><div   data-aos=\"none\" class=\"timeline-meta\"><div class=\"meta-details\"><\/div><\/div><div  data-aos=\"none\" class=\"timeline-icon icon-dot-full default-dot\"><div class=\"timeline-bar\"><\/div><\/div><div  data-aos=\"none\"  class=\"timeline-content  clearfix even  full default-content \"><h2 class=\"content-title\"><a title=\"\" href=\"https:\/\/nph.org\/es\/timeline\/29820\/\"><\/a><\/h2><div class=\"ctl_info event-description full\"><div class=\"content-details\"><p>La familia se muda a la casa temporal en Lunahuan\u00e1<\/p><\/div><\/div><\/div><!-- timeline content --><\/div>\r\n\r\n        <!-- .timeline-post-end --><div data-cls=\"sc-nv-default white-timeline\" class=\"timeline-year scrollable-section default-year\" data-section-title=\"2006\" id=\"year-2006\"><span  class=\"ctl-timeline-date\">2006<\/span><\/div><!-- .timeline-post-start--><div   data-alternate=\"7\" id=\"story-29819\" class=\"timeline-post odd light-grey-post icons_no post-29819 story-cat-987  default-meta\"><div   data-aos=\"none\" class=\"timeline-meta\"><div class=\"meta-details\"><\/div><\/div><div  data-aos=\"none\" class=\"timeline-icon icon-dot-full default-dot\"><div class=\"timeline-bar\"><\/div><\/div><div  data-aos=\"none\"  class=\"timeline-content  clearfix odd  full default-content \"><h2 class=\"content-title\"><a title=\"\" href=\"https:\/\/nph.org\/es\/timeline\/29819\/\"><\/a><\/h2><div class=\"ctl_info event-description full\"><div class=\"content-details\"><p>Se compra el terreno en San Vicente de Ca\u00f1ete para construir el hogar permanente<\/p><\/div><\/div><\/div><!-- timeline content --><\/div>\r\n\r\n        <!-- .timeline-post-end --><div data-cls=\"sc-nv-default white-timeline\" class=\"timeline-year scrollable-section default-year\" data-section-title=\"2004\" id=\"year-2004\"><span  class=\"ctl-timeline-date\">2004<\/span><\/div><!-- .timeline-post-start--><div   data-alternate=\"8\" id=\"story-29818\" class=\"timeline-post even light-grey-post icons_no post-29818 story-cat-987  default-meta\"><div   data-aos=\"none\" class=\"timeline-meta\"><div class=\"meta-details\"><\/div><\/div><div  data-aos=\"none\" class=\"timeline-icon icon-dot-full default-dot\"><div class=\"timeline-bar\"><\/div><\/div><div  data-aos=\"none\"  class=\"timeline-content  clearfix even  full default-content \"><h2 class=\"content-title\"><a title=\"\" href=\"https:\/\/nph.org\/es\/timeline\/29818\/\"><\/a><\/h2><div class=\"ctl_info event-description full\"><div class=\"content-details\"><p>Se reciben a los primeros dos ni\u00f1os en la casa en el pueblo de Cajamarca<\/p><\/div><\/div><\/div><!-- timeline content --><\/div>\r\n\r\n        <!-- .timeline-post-end --><style type=\"text\/css\"><\/style><div  class=\"end-timeline clearfix\"><\/div><\/div><\/div><\/div>  <!-- end\r\n================================================== --><style type=\"text\/css\"><\/style>\n","protected":false},"excerpt":{"rendered":"","protected":false},"author":8,"featured_media":0,"parent":0,"menu_order":0,"comment_status":"closed","ping_status":"closed","template":"","meta":{"_acf_changed":false,"_et_pb_use_builder":"on","_et_pb_old_content":"","_et_gb_content_width":"","footnotes":""},"class_list":["post-31106","page","type-page","status-publish","hentry"],"acf":[],"yoast_head":"<!-- This site is optimized with the Yoast SEO Premium plugin v27.4 (Yoast SEO v27.4) - https:\/\/yoast.com\/product\/yoast-seo-premium-wordpress\/ -->\n<title>Per\u00fa L\u00ednea de Tiempo - NPH<\/title>\n<meta name=\"robots\" content=\"index, follow, max-snippet:-1, max-image-preview:large, max-video-preview:-1\" \/>\n<link rel=\"canonical\" href=\"https:\/\/nph.org\/peru-timeline\/\" \/>\n<meta property=\"og:locale\" content=\"es_ES\" \/>\n<meta property=\"og:type\" content=\"article\" \/>\n<meta property=\"og:title\" content=\"Per\u00fa L\u00ednea de Tiempo - NPH\" \/>\n<meta property=\"og:url\" content=\"https:\/\/nph.org\/peru-timeline\/\" \/>\n<meta property=\"og:site_name\" content=\"NPH\" \/>\n<meta property=\"article:modified_time\" content=\"2021-09-07T18:59:10+00:00\" \/>\n<meta name=\"twitter:card\" content=\"summary_large_image\" \/>\n<script type=\"application\/ld+json\" class=\"yoast-schema-graph\">{\"@context\":\"https:\\\/\\\/schema.org\",\"@graph\":[{\"@type\":\"WebPage\",\"@id\":\"https:\\\/\\\/nph.org\\\/peru-timeline\\\/\",\"url\":\"https:\\\/\\\/nph.org\\\/peru-timeline\\\/\",\"name\":\"Per\u00fa L\u00ednea de Tiempo - NPH\",\"isPartOf\":{\"@id\":\"https:\\\/\\\/nph.org\\\/#website\"},\"datePublished\":\"2021-08-30T23:35:38+00:00\",\"dateModified\":\"2021-09-07T18:59:10+00:00\",\"inLanguage\":\"es\",\"potentialAction\":[{\"@type\":\"ReadAction\",\"target\":[\"https:\\\/\\\/nph.org\\\/peru-timeline\\\/\"]}]},{\"@type\":\"WebSite\",\"@id\":\"https:\\\/\\\/nph.org\\\/#website\",\"url\":\"https:\\\/\\\/nph.org\\\/\",\"name\":\"NPH\",\"description\":\"\",\"potentialAction\":[{\"@type\":\"SearchAction\",\"target\":{\"@type\":\"EntryPoint\",\"urlTemplate\":\"https:\\\/\\\/nph.org\\\/?s={search_term_string}\"},\"query-input\":{\"@type\":\"PropertyValueSpecification\",\"valueRequired\":true,\"valueName\":\"search_term_string\"}}],\"inLanguage\":\"es\"}]}<\/script>\n<!-- \/ Yoast SEO Premium plugin. -->","yoast_head_json":{"title":"Per\u00fa L\u00ednea de Tiempo - NPH","robots":{"index":"index","follow":"follow","max-snippet":"max-snippet:-1","max-image-preview":"max-image-preview:large","max-video-preview":"max-video-preview:-1"},"canonical":"https:\/\/nph.org\/peru-timeline\/","og_locale":"es_ES","og_type":"article","og_title":"Per\u00fa L\u00ednea de Tiempo - NPH","og_url":"https:\/\/nph.org\/peru-timeline\/","og_site_name":"NPH","article_modified_time":"2021-09-07T18:59:10+00:00","twitter_card":"summary_large_image","schema":{"@context":"https:\/\/schema.org","@graph":[{"@type":"WebPage","@id":"https:\/\/nph.org\/peru-timeline\/","url":"https:\/\/nph.org\/peru-timeline\/","name":"Per\u00fa L\u00ednea de Tiempo - NPH","isPartOf":{"@id":"https:\/\/nph.org\/#website"},"datePublished":"2021-08-30T23:35:38+00:00","dateModified":"2021-09-07T18:59:10+00:00","inLanguage":"es","potentialAction":[{"@type":"ReadAction","target":["https:\/\/nph.org\/peru-timeline\/"]}]},{"@type":"WebSite","@id":"https:\/\/nph.org\/#website","url":"https:\/\/nph.org\/","name":"NPH","description":"","potentialAction":[{"@type":"SearchAction","target":{"@type":"EntryPoint","urlTemplate":"https:\/\/nph.org\/?s={search_term_string}"},"query-input":{"@type":"PropertyValueSpecification","valueRequired":true,"valueName":"search_term_string"}}],"inLanguage":"es"}]}},"_links":{"self":[{"href":"https:\/\/nph.org\/es\/wp-json\/wp\/v2\/pages\/31106","targetHints":{"allow":["GET"]}}],"collection":[{"href":"https:\/\/nph.org\/es\/wp-json\/wp\/v2\/pages"}],"about":[{"href":"https:\/\/nph.org\/es\/wp-json\/wp\/v2\/types\/page"}],"author":[{"embeddable":true,"href":"https:\/\/nph.org\/es\/wp-json\/wp\/v2\/users\/8"}],"replies":[{"embeddable":true,"href":"https:\/\/nph.org\/es\/wp-json\/wp\/v2\/comments?post=31106"}],"version-history":[{"count":0,"href":"https:\/\/nph.org\/es\/wp-json\/wp\/v2\/pages\/31106\/revisions"}],"wp:attachment":[{"href":"https:\/\/nph.org\/es\/wp-json\/wp\/v2\/media?parent=31106"}],"curies":[{"name":"wp","href":"https:\/\/api.w.org\/{rel}","templated":true}]}}